{"id":2028,"date":"2024-05-22T15:07:40","date_gmt":"2024-05-22T13:07:40","guid":{"rendered":"https:\/\/salkin.eus\/?post_type=establecimiento&#038;p=2028"},"modified":"2024-05-22T15:43:59","modified_gmt":"2024-05-22T13:43:59","slug":"kukulcan","status":"publish","type":"establecimiento","link":"https:\/\/salkin.eus\/es\/establecimiento\/kukulcan\/","title":{"rendered":"KUKULCAN"},"content":{"rendered":"\n<p>Peluquer\u00eda canina y felina, consultorio veterinario, educacion canina y tienda.<\/p>\n\n\n\n<ul class=\"wp-block-list\">\n<li>Direcci\u00f3n: <strong>La Salle Etorbidea, 8<\/strong><\/li>\n\n\n\n<li>Tel\u00e9fono: <strong>662 529 490<\/strong><\/li>\n\n\n\n<li>Correo electr\u00f3nico: <strong><a href=\"mailto:administracion@kukulcanpets.com\" target=\"_blank\" rel=\"noreferrer noopener\">administracion@kukulcanpets.com<\/a><\/strong><\/li>\n\n\n\n<li>Web: <a href=\"http:\/\/kukulcanpets.com\" target=\"_blank\" rel=\"noreferrer noopener\"><strong>www.kukulcanpets.com<\/strong><\/a><\/li>\n\n\n\n<li>Instagram: @kukulcanpets<\/li>\n\n\n\n<li>Andoain txartela: <strong>No<\/strong><\/li>\n<\/ul>\n\n\n\n<p><strong>HORARIOS:<\/strong><\/p>\n\n\n\n<p>09:30-18:00 de lunes a viernes.<br>10:00-14:00 s\u00e1bados (s\u00f3lo con cita).<\/p>\n\n\n<p><iframe src=\"https:\/\/www.google.com\/maps\/embed?pb=!1m18!1m12!1m3!1d11630.192784333776!2d-2.0367361431337336!3d43.21896481696571!2m3!1f0!2f0!3f0!3m2!1i1024!2i768!4f13.1!3m3!1m2!1s0xd51b3a39fb0f171%3A0xe6d5c023acdd9555!2sKukulcan!5e0!3m2!1ses!2ses!4v1716383238034!5m2!1ses!2ses\" width=\"600\" height=\"450\" style=\"border:0;\" allowfullscreen=\"\" loading=\"lazy\" referrerpolicy=\"no-referrer-when-downgrade\"><\/iframe><\/p>\n","protected":false},"excerpt":{"rendered":"<p>Peluquer\u00eda canina y felina, consultorio veterinario, educacion canina y tienda. HORARIOS: 09:30-18:00 de lunes a viernes.10:00-14:00 s\u00e1bados (s\u00f3lo con cita).<\/p>\n","protected":false},"author":4,"featured_media":2001,"menu_order":0,"template":"","format":"standard","meta":[],"etiqueta_de_establecimiento":[],"sector_de_establecimiento":[80,91,156],"class_list":{"0":"post-2028","1":"establecimiento","2":"type-establecimiento","3":"status-publish","4":"format-standard","5":"has-post-thumbnail","7":"sector_de_establecimiento-peluquerias-estetica","8":"sector_de_establecimiento-servicios","9":"sector_de_establecimiento-veterinaria","10":"czr-hentry"},"yoast_head":"<!-- This site is optimized with the Yoast SEO plugin v27.4 - https:\/\/yoast.com\/product\/yoast-seo-wordpress\/ -->\n<title>KUKULCAN - SALKIN asociaci\u00f3n de comerciantes y hosteleros de Andoain<\/title>\n<meta name=\"description\" content=\"Peluquer\u00eda canina y felina, consultorio veterinario, educacion canina y tienda en Andoain.\" \/>\n<meta name=\"robots\" content=\"index, follow, max-snippet:-1, max-image-preview:large, max-video-preview:-1\" \/>\n<link rel=\"canonical\" href=\"https:\/\/salkin.eus\/es\/establecimiento\/kukulcan\/\" \/>\n<meta property=\"og:locale\" content=\"es_ES\" \/>\n<meta property=\"og:type\" content=\"article\" \/>\n<meta property=\"og:title\" content=\"KUKULCAN - SALKIN asociaci\u00f3n de comerciantes y hosteleros de Andoain\" \/>\n<meta property=\"og:description\" content=\"Peluquer\u00eda canina y felina, consultorio veterinario, educacion canina y tienda en Andoain.\" \/>\n<meta property=\"og:url\" content=\"https:\/\/salkin.eus\/es\/establecimiento\/kukulcan\/\" \/>\n<meta property=\"og:site_name\" content=\"SALKIN asociaci\u00f3n de comerciantes y hosteleros de Andoain\" \/>\n<meta property=\"article:publisher\" content=\"https:\/\/www.facebook.com\/salkinmerkatarielkartea\/\" \/>\n<meta property=\"article:modified_time\" content=\"2024-05-22T13:43:59+00:00\" \/>\n<meta property=\"og:image\" content=\"https:\/\/salkin.eus\/wp-content\/uploads\/2024\/05\/Kulkulcan-maskotak.jpg\" \/>\n\t<meta property=\"og:image:width\" content=\"2000\" \/>\n\t<meta property=\"og:image:height\" content=\"1413\" \/>\n\t<meta property=\"og:image:type\" content=\"image\/jpeg\" \/>\n<meta name=\"twitter:card\" content=\"summary_large_image\" \/>\n<meta name=\"twitter:label1\" content=\"Tiempo de lectura\" \/>\n\t<meta name=\"twitter:data1\" content=\"1 minuto\" \/>\n<script type=\"application\/ld+json\" class=\"yoast-schema-graph\">{\"@context\":\"https:\\\/\\\/schema.org\",\"@graph\":[{\"@type\":\"WebPage\",\"@id\":\"https:\\\/\\\/salkin.eus\\\/es\\\/establecimiento\\\/kukulcan\\\/\",\"url\":\"https:\\\/\\\/salkin.eus\\\/es\\\/establecimiento\\\/kukulcan\\\/\",\"name\":\"KUKULCAN - SALKIN asociaci\u00f3n de comerciantes y hosteleros de Andoain\",\"isPartOf\":{\"@id\":\"https:\\\/\\\/salkin.eus\\\/#website\"},\"primaryImageOfPage\":{\"@id\":\"https:\\\/\\\/salkin.eus\\\/es\\\/establecimiento\\\/kukulcan\\\/#primaryimage\"},\"image\":{\"@id\":\"https:\\\/\\\/salkin.eus\\\/es\\\/establecimiento\\\/kukulcan\\\/#primaryimage\"},\"thumbnailUrl\":\"https:\\\/\\\/i0.wp.com\\\/salkin.eus\\\/wp-content\\\/uploads\\\/2024\\\/05\\\/Kulkulcan-maskotak.jpg?fit=2000%2C1413&ssl=1\",\"datePublished\":\"2024-05-22T13:07:40+00:00\",\"dateModified\":\"2024-05-22T13:43:59+00:00\",\"description\":\"Peluquer\u00eda canina y felina, consultorio veterinario, educacion canina y tienda en Andoain.\",\"breadcrumb\":{\"@id\":\"https:\\\/\\\/salkin.eus\\\/es\\\/establecimiento\\\/kukulcan\\\/#breadcrumb\"},\"inLanguage\":\"es\",\"potentialAction\":[{\"@type\":\"ReadAction\",\"target\":[\"https:\\\/\\\/salkin.eus\\\/es\\\/establecimiento\\\/kukulcan\\\/\"]}]},{\"@type\":\"ImageObject\",\"inLanguage\":\"es\",\"@id\":\"https:\\\/\\\/salkin.eus\\\/es\\\/establecimiento\\\/kukulcan\\\/#primaryimage\",\"url\":\"https:\\\/\\\/i0.wp.com\\\/salkin.eus\\\/wp-content\\\/uploads\\\/2024\\\/05\\\/Kulkulcan-maskotak.jpg?fit=2000%2C1413&ssl=1\",\"contentUrl\":\"https:\\\/\\\/i0.wp.com\\\/salkin.eus\\\/wp-content\\\/uploads\\\/2024\\\/05\\\/Kulkulcan-maskotak.jpg?fit=2000%2C1413&ssl=1\",\"width\":2000,\"height\":1413,\"caption\":\"Kukulcan peluquer\u00eda de canina\"},{\"@type\":\"BreadcrumbList\",\"@id\":\"https:\\\/\\\/salkin.eus\\\/es\\\/establecimiento\\\/kukulcan\\\/#breadcrumb\",\"itemListElement\":[{\"@type\":\"ListItem\",\"position\":1,\"name\":\"Portada\",\"item\":\"https:\\\/\\\/salkin.eus\\\/\"},{\"@type\":\"ListItem\",\"position\":2,\"name\":\"Establecimientos\",\"item\":\"https:\\\/\\\/salkin.eus\\\/establecimientos\\\/\"},{\"@type\":\"ListItem\",\"position\":3,\"name\":\"KUKULCAN\"}]},{\"@type\":\"WebSite\",\"@id\":\"https:\\\/\\\/salkin.eus\\\/#website\",\"url\":\"https:\\\/\\\/salkin.eus\\\/\",\"name\":\"Salkin\",\"description\":\"SALKIN, asociaci\u00f3n de comerciantes y hosteleros de Andoain, es una asociaci\u00f3n que defiende los derechos del comercio, la hosteler\u00eda y las empresas de servicios de Andoain.\",\"publisher\":{\"@id\":\"https:\\\/\\\/salkin.eus\\\/#organization\"},\"alternateName\":\"SALKIN\",\"potentialAction\":[{\"@type\":\"SearchAction\",\"target\":{\"@type\":\"EntryPoint\",\"urlTemplate\":\"https:\\\/\\\/salkin.eus\\\/?s={search_term_string}\"},\"query-input\":{\"@type\":\"PropertyValueSpecification\",\"valueRequired\":true,\"valueName\":\"search_term_string\"}}],\"inLanguage\":\"es\"},{\"@type\":\"Organization\",\"@id\":\"https:\\\/\\\/salkin.eus\\\/#organization\",\"name\":\"Salkin\",\"alternateName\":\"Salkin\",\"url\":\"https:\\\/\\\/salkin.eus\\\/\",\"logo\":{\"@type\":\"ImageObject\",\"inLanguage\":\"es\",\"@id\":\"https:\\\/\\\/salkin.eus\\\/#\\\/schema\\\/logo\\\/image\\\/\",\"url\":\"https:\\\/\\\/i0.wp.com\\\/salkin.eus\\\/wp-content\\\/uploads\\\/2021\\\/01\\\/icono_salkin.png?fit=266%2C266&ssl=1\",\"contentUrl\":\"https:\\\/\\\/i0.wp.com\\\/salkin.eus\\\/wp-content\\\/uploads\\\/2021\\\/01\\\/icono_salkin.png?fit=266%2C266&ssl=1\",\"width\":266,\"height\":266,\"caption\":\"Salkin\"},\"image\":{\"@id\":\"https:\\\/\\\/salkin.eus\\\/#\\\/schema\\\/logo\\\/image\\\/\"},\"sameAs\":[\"https:\\\/\\\/www.facebook.com\\\/salkinmerkatarielkartea\\\/\",\"https:\\\/\\\/www.instagram.com\\\/salkin_andoain\\\/?hl=es\"]}]}<\/script>\n<!-- \/ Yoast SEO plugin. -->","yoast_head_json":{"title":"KUKULCAN - SALKIN asociaci\u00f3n de comerciantes y hosteleros de Andoain","description":"Peluquer\u00eda canina y felina, consultorio veterinario, educacion canina y tienda en Andoain.","robots":{"index":"index","follow":"follow","max-snippet":"max-snippet:-1","max-image-preview":"max-image-preview:large","max-video-preview":"max-video-preview:-1"},"canonical":"https:\/\/salkin.eus\/es\/establecimiento\/kukulcan\/","og_locale":"es_ES","og_type":"article","og_title":"KUKULCAN - SALKIN asociaci\u00f3n de comerciantes y hosteleros de Andoain","og_description":"Peluquer\u00eda canina y felina, consultorio veterinario, educacion canina y tienda en Andoain.","og_url":"https:\/\/salkin.eus\/es\/establecimiento\/kukulcan\/","og_site_name":"SALKIN asociaci\u00f3n de comerciantes y hosteleros de Andoain","article_publisher":"https:\/\/www.facebook.com\/salkinmerkatarielkartea\/","article_modified_time":"2024-05-22T13:43:59+00:00","og_image":[{"width":2000,"height":1413,"url":"https:\/\/salkin.eus\/wp-content\/uploads\/2024\/05\/Kulkulcan-maskotak.jpg","type":"image\/jpeg"}],"twitter_card":"summary_large_image","twitter_misc":{"Tiempo de lectura":"1 minuto"},"schema":{"@context":"https:\/\/schema.org","@graph":[{"@type":"WebPage","@id":"https:\/\/salkin.eus\/es\/establecimiento\/kukulcan\/","url":"https:\/\/salkin.eus\/es\/establecimiento\/kukulcan\/","name":"KUKULCAN - SALKIN asociaci\u00f3n de comerciantes y hosteleros de Andoain","isPartOf":{"@id":"https:\/\/salkin.eus\/#website"},"primaryImageOfPage":{"@id":"https:\/\/salkin.eus\/es\/establecimiento\/kukulcan\/#primaryimage"},"image":{"@id":"https:\/\/salkin.eus\/es\/establecimiento\/kukulcan\/#primaryimage"},"thumbnailUrl":"https:\/\/i0.wp.com\/salkin.eus\/wp-content\/uploads\/2024\/05\/Kulkulcan-maskotak.jpg?fit=2000%2C1413&ssl=1","datePublished":"2024-05-22T13:07:40+00:00","dateModified":"2024-05-22T13:43:59+00:00","description":"Peluquer\u00eda canina y felina, consultorio veterinario, educacion canina y tienda en Andoain.","breadcrumb":{"@id":"https:\/\/salkin.eus\/es\/establecimiento\/kukulcan\/#breadcrumb"},"inLanguage":"es","potentialAction":[{"@type":"ReadAction","target":["https:\/\/salkin.eus\/es\/establecimiento\/kukulcan\/"]}]},{"@type":"ImageObject","inLanguage":"es","@id":"https:\/\/salkin.eus\/es\/establecimiento\/kukulcan\/#primaryimage","url":"https:\/\/i0.wp.com\/salkin.eus\/wp-content\/uploads\/2024\/05\/Kulkulcan-maskotak.jpg?fit=2000%2C1413&ssl=1","contentUrl":"https:\/\/i0.wp.com\/salkin.eus\/wp-content\/uploads\/2024\/05\/Kulkulcan-maskotak.jpg?fit=2000%2C1413&ssl=1","width":2000,"height":1413,"caption":"Kukulcan peluquer\u00eda de canina"},{"@type":"BreadcrumbList","@id":"https:\/\/salkin.eus\/es\/establecimiento\/kukulcan\/#breadcrumb","itemListElement":[{"@type":"ListItem","position":1,"name":"Portada","item":"https:\/\/salkin.eus\/"},{"@type":"ListItem","position":2,"name":"Establecimientos","item":"https:\/\/salkin.eus\/establecimientos\/"},{"@type":"ListItem","position":3,"name":"KUKULCAN"}]},{"@type":"WebSite","@id":"https:\/\/salkin.eus\/#website","url":"https:\/\/salkin.eus\/","name":"Salkin","description":"SALKIN, asociaci\u00f3n de comerciantes y hosteleros de Andoain, es una asociaci\u00f3n que defiende los derechos del comercio, la hosteler\u00eda y las empresas de servicios de Andoain.","publisher":{"@id":"https:\/\/salkin.eus\/#organization"},"alternateName":"SALKIN","potentialAction":[{"@type":"SearchAction","target":{"@type":"EntryPoint","urlTemplate":"https:\/\/salkin.eus\/?s={search_term_string}"},"query-input":{"@type":"PropertyValueSpecification","valueRequired":true,"valueName":"search_term_string"}}],"inLanguage":"es"},{"@type":"Organization","@id":"https:\/\/salkin.eus\/#organization","name":"Salkin","alternateName":"Salkin","url":"https:\/\/salkin.eus\/","logo":{"@type":"ImageObject","inLanguage":"es","@id":"https:\/\/salkin.eus\/#\/schema\/logo\/image\/","url":"https:\/\/i0.wp.com\/salkin.eus\/wp-content\/uploads\/2021\/01\/icono_salkin.png?fit=266%2C266&ssl=1","contentUrl":"https:\/\/i0.wp.com\/salkin.eus\/wp-content\/uploads\/2021\/01\/icono_salkin.png?fit=266%2C266&ssl=1","width":266,"height":266,"caption":"Salkin"},"image":{"@id":"https:\/\/salkin.eus\/#\/schema\/logo\/image\/"},"sameAs":["https:\/\/www.facebook.com\/salkinmerkatarielkartea\/","https:\/\/www.instagram.com\/salkin_andoain\/?hl=es"]}]}},"jetpack_sharing_enabled":true,"jetpack_likes_enabled":false,"_links":{"self":[{"href":"https:\/\/salkin.eus\/es\/wp-json\/wp\/v2\/establecimiento\/2028","targetHints":{"allow":["GET"]}}],"collection":[{"href":"https:\/\/salkin.eus\/es\/wp-json\/wp\/v2\/establecimiento"}],"about":[{"href":"https:\/\/salkin.eus\/es\/wp-json\/wp\/v2\/types\/establecimiento"}],"author":[{"embeddable":true,"href":"https:\/\/salkin.eus\/es\/wp-json\/wp\/v2\/users\/4"}],"wp:featuredmedia":[{"embeddable":true,"href":"https:\/\/salkin.eus\/es\/wp-json\/wp\/v2\/media\/2001"}],"wp:attachment":[{"href":"https:\/\/salkin.eus\/es\/wp-json\/wp\/v2\/media?parent=2028"}],"wp:term":[{"taxonomy":"etiqueta_de_establecimiento","embeddable":true,"href":"https:\/\/salkin.eus\/es\/wp-json\/wp\/v2\/etiqueta_de_establecimiento?post=2028"},{"taxonomy":"sector_de_establecimiento","embeddable":true,"href":"https:\/\/salkin.eus\/es\/wp-json\/wp\/v2\/sector_de_establecimiento?post=2028"}],"curies":[{"name":"wp","href":"https:\/\/api.w.org\/{rel}","templated":true}]}}